{"id":175,"date":"2024-05-07T18:09:45","date_gmt":"2024-05-07T18:09:45","guid":{"rendered":"https:\/\/iscidenetimi.net\/?page_id=175"},"modified":"2026-04-21T13:52:19","modified_gmt":"2026-04-21T13:52:19","slug":"hakkimizda","status":"publish","type":"page","link":"https:\/\/iscidenetimi.net\/?page_id=175","title":{"rendered":"Hakk\u0131nda"},"content":{"rendered":"\n<h2 class=\"wp-block-heading has-medium-font-size\"><\/h2>\n\n\n\n<p>Neoliberal\/kapitalist ekonomiye alternatif demokratik, e\u015fitlik\u00e7i ve dayan\u0131\u015fmac\u0131 ekonomi bi\u00e7imlerine; bu do\u011frultuda geli\u015fen i\u015fletmelere, \u00f6rg\u00fctlenmelere ve pratiklere odaklan\u0131yoruz. \u0130\u015f\u00e7i denetimi ve i\u015f\u00e7i \u00f6zy\u00f6netimi \u00fczerine hem kuramsal hem de pratik birikimin son derece zengin oldu\u011funu ve daha fazla g\u00f6r\u00fcn\u00fcr k\u0131l\u0131nmas\u0131 gerekti\u011fini d\u00fc\u015f\u00fcn\u00fcyoruz.<\/p>\n\n\n\n<p>\u0130\u015f\u00e7i denetimi kavram\u0131yla, i\u015f\u00e7ilerin \u00fcretim s\u00fcreci \u00fczerindeki inisiyatiflerini anl\u0131yoruz. Bu \u00e7er\u00e7evede hem \u201ci\u015f\u00e7i\u201d hem de \u201cdenetim\u201d kavramlar\u0131n\u0131 en geni\u015f anlam\u0131yla ele al\u0131yoruz. S\u00f6m\u00fcr\u00fclen, ezilen ve d\u0131\u015flanan kesimlerin rekabet\u00e7i, hiyerar\u015fik ve yabanc\u0131la\u015ft\u0131r\u0131c\u0131 ili\u015fkilere y\u00f6nelik her t\u00fcr m\u00fcdahalesini ve dayan\u0131\u015fmac\u0131 alternatif aray\u0131\u015flar\u0131n\u0131 \u00f6nemsiyoruz.<\/p>\n\n\n\n<p>\u0130\u015f\u00e7i denetiminin farkl\u0131 bi\u00e7imlerini d\u0131\u015flam\u0131yor, aksine kapsay\u0131c\u0131 bir perspektifle ele al\u0131yoruz. \u0130\u015f\u00e7i kat\u0131l\u0131m\u0131ndan i\u015f\u00e7i y\u00f6netimine, kooperatiflerden sosyal ve dayan\u0131\u015fma ekonomilerine, i\u015f\u00e7i denetiminden \u00f6zy\u00f6netime uzanan geni\u015f bir alan\u0131, \u00e7al\u0131\u015fanlar\u0131n m\u00fclkiyet ve \u00e7al\u0131\u015fma ili\u015fkilerine m\u00fcdahalesinin farkl\u0131 tezah\u00fcrleri olarak de\u011ferlendiriyoruz. Bu m\u00fcdahaleleri, ayn\u0131 zamanda bir m\u00fccadele s\u00fcrecinin \u00fcr\u00fcn\u00fc olarak g\u00f6r\u00fcyoruz.<\/p>\n\n\n\n<p>Bu m\u00fccadeleyi, neoliberal modele ve kapitalist ili\u015fkilere m\u00fcdahale etti\u011fi \u00f6l\u00e7\u00fcde, daha \u00f6zg\u00fcr ve e\u015fit toplumsal ili\u015fkileri bug\u00fcnden kurma \u00e7abas\u0131 olarak ele al\u0131yoruz. Sendikalardan kooperatiflere, sosyal ve dayan\u0131\u015fma ekonomisinden \u00f6zy\u00f6netime uzanan farkl\u0131 kanallarda geli\u015fen bu birikime kapsay\u0131c\u0131 bir bak\u0131\u015fla yakla\u015fman\u0131n \u00f6nemli oldu\u011funa inan\u0131yoruz.<\/p>\n\n\n\n<p>Ge\u00e7mi\u015fte ya\u015fanan \u00e7ok say\u0131da deneyimi, olumlu ve olumsuz y\u00f6nleriyle \u00f6nemli bir miras olarak de\u011ferlendiriyoruz. \u00d6zy\u00f6netim, do\u011frudan \u00fcreticilerin kendi i\u015fleri ve ya\u015famlar\u0131 \u00fczerinde s\u00f6z sahibi olma m\u00fccadelesi olarak d\u00fc\u015f\u00fcn\u00fcld\u00fc\u011f\u00fcnde, insanl\u0131k tarihi kadar eski bir olgudur. \u0130\u015f\u00e7i denetimi ve i\u015f\u00e7i \u00f6zy\u00f6netimi ise sanayi kapitalizminin ortaya \u00e7\u0131k\u0131\u015f\u0131ndan bug\u00fcne g\u00fcncelli\u011fini korumu\u015ftur.<\/p>\n\n\n\n<p>Bug\u00fcn bu tart\u0131\u015fmalar, belki de hi\u00e7 olmad\u0131\u011f\u0131 kadar g\u00fcnceldir. \u00d6zellikle Arjantin ve Latin Amerika ba\u015fta olmak \u00fczere farkl\u0131 co\u011frafyalarda ortaya \u00e7\u0131kan deneyimler ve bu deneyimlere e\u015flik eden akademik ve toplumsal tart\u0131\u015fmalar dikkat \u00e7ekmektedir.<\/p>\n\n\n\n<p>Bu giri\u015fim, \u201ci\u015f\u00e7i denetimi\u201d ba\u015fl\u0131\u011f\u0131 alt\u0131nda, daha \u00f6zg\u00fcr ve e\u015fitlik\u00e7i ili\u015fkiler y\u00f6n\u00fcnde geli\u015fen ve mevcut \u00fcretim ve \u00e7al\u0131\u015fma ili\u015fkilerine m\u00fcdahale eden t\u00fcm pratikleri incelemeyi ama\u00e7lamaktad\u0131r. Ge\u00e7mi\u015f deneyimleri ara\u015ft\u0131rmay\u0131 ve g\u00fcncel tart\u0131\u015fmalar\u0131 yak\u0131ndan takip etmeyi hedeflemektedir.<\/p>\n\n\n\n<p>Ayn\u0131 zamanda bu giri\u015fim, mevcut birikimi derinle\u015ftirdi\u011fi \u00f6l\u00e7\u00fcde ileride daha kapsaml\u0131 kurumsal yap\u0131lara zemin olu\u015fturabilir. Bu ba\u011flamda, ileride kurulmas\u0131 planlanan bir <strong>\u201c\u0130\u015f\u00e7i Denetimi Ara\u015ft\u0131rmalar\u0131 Enstit\u00fcs\u00fc\u201d<\/strong> i\u00e7in de bir ilk ad\u0131m olarak d\u00fc\u015f\u00fcn\u00fclebilir.<\/p>\n","protected":false},"excerpt":{"rendered":"<p>Neoliberal\/kapitalist ekonomiye alternatif demokratik, e\u015fitlik\u00e7i ve dayan\u0131\u015fmac\u0131 ekonomi bi\u00e7imlerine; bu do\u011frultuda geli\u015fen i\u015fletmelere, \u00f6rg\u00fctlenmelere ve pratiklere odaklan\u0131yoruz. \u0130\u015f\u00e7i denetimi ve i\u015f\u00e7i \u00f6zy\u00f6netimi \u00fczerine hem kuramsal hem de pratik birikimin son derece zengin oldu\u011funu ve daha fazla g\u00f6r\u00fcn\u00fcr k\u0131l\u0131nmas\u0131 gerekti\u011fini d\u00fc\u015f\u00fcn\u00fcyoruz. \u0130\u015f\u00e7i denetimi kavram\u0131yla, i\u015f\u00e7ilerin \u00fcretim s\u00fcreci \u00fczerindeki inisiyatiflerini anl\u0131yoruz. Bu \u00e7er\u00e7evede hem \u201ci\u015f\u00e7i\u201d hem de [&hellip;]<\/p>\n","protected":false},"author":1,"featured_media":0,"parent":0,"menu_order":0,"comment_status":"closed","ping_status":"closed","template":"","meta":{"site-sidebar-layout":"default","site-content-layout":"","ast-site-content-layout":"default","site-content-style":"default","site-sidebar-style":"default","ast-global-header-display":"","ast-banner-title-visibility":"","ast-main-header-display":"","ast-hfb-above-header-display":"","ast-hfb-below-header-display":"","ast-hfb-mobile-header-display":"","site-post-title":"","ast-breadcrumbs-content":"","ast-featured-img":"","footer-sml-layout":"","ast-disable-related-posts":"","theme-transparent-header-meta":"","adv-header-id-meta":"","stick-header-meta":"","header-above-stick-meta":"","header-main-stick-meta":"","header-below-stick-meta":"","astra-migrate-meta-layouts":"default","ast-page-background-enabled":"default","ast-page-background-meta":{"desktop":{"background-color":"var(--ast-global-color-5)","background-image":"","background-repeat":"repeat","background-position":"center center","background-size":"auto","background-attachment":"scroll","background-type":"","background-media":"","overlay-type":"","overlay-color":"","overlay-opacity":"","overlay-gradient":""},"tablet":{"background-color":"","background-image":"","background-repeat":"repeat","background-position":"center center","background-size":"auto","background-attachment":"scroll","background-type":"","background-media":"","overlay-type":"","overlay-color":"","overlay-opacity":"","overlay-gradient":""},"mobile":{"background-color":"","background-image":"","background-repeat":"repeat","background-position":"center center","background-size":"auto","background-attachment":"scroll","background-type":"","background-media":"","overlay-type":"","overlay-color":"","overlay-opacity":"","overlay-gradient":""}},"ast-content-background-meta":{"desktop":{"background-color":"var(--ast-global-color-4)","background-image":"","background-repeat":"repeat","background-position":"center center","background-size":"auto","background-attachment":"scroll","background-type":"","background-media":"","overlay-type":"","overlay-color":"","overlay-opacity":"","overlay-gradient":""},"tablet":{"background-color":"var(--ast-global-color-4)","background-image":"","background-repeat":"repeat","background-position":"center center","background-size":"auto","background-attachment":"scroll","background-type":"","background-media":"","overlay-type":"","overlay-color":"","overlay-opacity":"","overlay-gradient":""},"mobile":{"background-color":"var(--ast-global-color-4)","background-image":"","background-repeat":"repeat","background-position":"center center","background-size":"auto","background-attachment":"scroll","background-type":"","background-media":"","overlay-type":"","overlay-color":"","overlay-opacity":"","overlay-gradient":""}},"footnotes":""},"class_list":["post-175","page","type-page","status-publish","hentry"],"_links":{"self":[{"href":"https:\/\/iscidenetimi.net\/index.php?rest_route=\/wp\/v2\/pages\/175","targetHints":{"allow":["GET"]}}],"collection":[{"href":"https:\/\/iscidenetimi.net\/index.php?rest_route=\/wp\/v2\/pages"}],"about":[{"href":"https:\/\/iscidenetimi.net\/index.php?rest_route=\/wp\/v2\/types\/page"}],"author":[{"embeddable":true,"href":"https:\/\/iscidenetimi.net\/index.php?rest_route=\/wp\/v2\/users\/1"}],"replies":[{"embeddable":true,"href":"https:\/\/iscidenetimi.net\/index.php?rest_route=%2Fwp%2Fv2%2Fcomments&post=175"}],"version-history":[{"count":8,"href":"https:\/\/iscidenetimi.net\/index.php?rest_route=\/wp\/v2\/pages\/175\/revisions"}],"predecessor-version":[{"id":890,"href":"https:\/\/iscidenetimi.net\/index.php?rest_route=\/wp\/v2\/pages\/175\/revisions\/890"}],"wp:attachment":[{"href":"https:\/\/iscidenetimi.net\/index.php?rest_route=%2Fwp%2Fv2%2Fmedia&parent=175"}],"curies":[{"name":"wp","href":"https:\/\/api.w.org\/{rel}","templated":true}]}}